{"id":2429,"date":"2018-07-19T14:41:23","date_gmt":"2018-07-19T12:41:23","guid":{"rendered":"http:\/\/www.narminojardins.com\/?page_id=2429"},"modified":"2026-07-23T18:09:07","modified_gmt":"2026-07-23T16:09:07","slug":"our-gardens-in-monaco","status":"publish","type":"page","link":"https:\/\/www.narminojardins.com\/en\/garden-and-green-space-design\/our-gardens-in-monaco\/","title":{"rendered":"Our Gardens in Monaco"},"content":{"rendered":"<p>Locally established here for several decades, we have made the <strong>Principality of Monaco<\/strong> a showcase for our <strong>gardens<\/strong>. Clients who have relied on us since 1989 stay with us and remain faithful to the philosophy of <strong>Narmino Jardins<\/strong>: service and quality above all, without compromise. And, as we are well aware, clients in the Principality are demanding, and rightly so. It is thus our responsibility to satisfy them in every way: with the originality of our proposals, which we bring to life in partnership with the most reputable <a href=\"https:\/\/www.narminojardins.com\/en\/our-areas-of-expertise\/a-landscape-architect-on-the-cote-dazur-06\/\">landscape<\/a> artists on the C\u00f4te d\u2019Azur, the quality of our attentiveness to our clients, and the precision of our advice.<\/p>\n<p>Whether small or large, each garden proposal we submit to a client is prepared with the same care and attention to detail. The <strong>preliminary landscape assessment<\/strong>, which includes soil and sunlight diagnostics, gives clients precise information about possible and desirable options, all while prioritizing, of course, the client\u2019s wishes.<\/p>\n<p>Our clients in Monaco include the Pastor Group, the Jardin Exotique de Monaco, Monaco City Hall, Barclays Bank, Chanel, and others!<\/p>\n<div id='gallery-1' class='gallery galleryid-2429 gallery-columns-3 gallery-size-thumbnail'><figure class='gallery-item'>\n\t\t\t<div class='gallery-icon landscape'>\n\t\t\t\t<a href='https:\/\/www.narminojardins.com\/en\/logo-jardin-exotique-de-monaco\/'><img loading=\"lazy\" decoding=\"async\" width=\"150\" height=\"120\" src=\"https:\/\/www.narminojardins.com\/wp-content\/uploads\/2018\/07\/jardin-exotique-de-monaco-150x120.png\" class=\"attachment-thumbnail size-thumbnail\" alt=\"Jardin Exotique de Monaco\" aria-describedby=\"gallery-1-2421\" \/><\/a>\n\t\t\t<\/div>\n\t\t\t\t<figcaption class='wp-caption-text gallery-caption' id='gallery-1-2421'>\n\t\t\t\tJardin Exotique de Monaco\n\t\t\t\t<\/figcaption><\/figure><figure class='gallery-item'>\n\t\t\t<div class='gallery-icon landscape'>\n\t\t\t\t<a href='https:\/\/www.narminojardins.com\/en\/logo-musee-oceanographique-fr\/'><img loading=\"lazy\" decoding=\"async\" width=\"150\" height=\"120\" src=\"https:\/\/www.narminojardins.com\/wp-content\/uploads\/2018\/07\/musee-oceanographique-de-monaco-150x120.png\" class=\"attachment-thumbnail size-thumbnail\" alt=\"Mus\u00e9e Oc\u00e9anographique de Monaco\" aria-describedby=\"gallery-1-2425\" \/><\/a>\n\t\t\t<\/div>\n\t\t\t\t<figcaption class='wp-caption-text gallery-caption' id='gallery-1-2425'>\n\t\t\t\tMus\u00e9e Oc\u00e9anographique de Monaco\n\t\t\t\t<\/figcaption><\/figure><figure class='gallery-item'>\n\t\t\t<div class='gallery-icon landscape'>\n\t\t\t\t<a href='https:\/\/www.narminojardins.com\/en\/logo-groupe-pastor\/'><img loading=\"lazy\" decoding=\"async\" width=\"150\" height=\"120\" src=\"https:\/\/www.narminojardins.com\/wp-content\/uploads\/2018\/07\/groupe-pastor-150x120.png\" class=\"attachment-thumbnail size-thumbnail\" alt=\"Groupe Pastor\" aria-describedby=\"gallery-1-2419\" \/><\/a>\n\t\t\t<\/div>\n\t\t\t\t<figcaption class='wp-caption-text gallery-caption' id='gallery-1-2419'>\n\t\t\t\tGroupe Pastor\n\t\t\t\t<\/figcaption><\/figure><figure class='gallery-item'>\n\t\t\t<div class='gallery-icon landscape'>\n\t\t\t\t<a href='https:\/\/www.narminojardins.com\/en\/logo-chanel\/'><img loading=\"lazy\" decoding=\"async\" width=\"150\" height=\"120\" src=\"https:\/\/www.narminojardins.com\/wp-content\/uploads\/2018\/07\/chanel-150x120.png\" class=\"attachment-thumbnail size-thumbnail\" alt=\"Chanel\" aria-describedby=\"gallery-1-2417\" \/><\/a>\n\t\t\t<\/div>\n\t\t\t\t<figcaption class='wp-caption-text gallery-caption' id='gallery-1-2417'>\n\t\t\t\tChanel\n\t\t\t\t<\/figcaption><\/figure><figure class='gallery-item'>\n\t\t\t<div class='gallery-icon landscape'>\n\t\t\t\t<a href='https:\/\/www.narminojardins.com\/en\/logo-barclays\/'><img loading=\"lazy\" decoding=\"async\" width=\"150\" height=\"120\" src=\"https:\/\/www.narminojardins.com\/wp-content\/uploads\/2018\/07\/barclays-150x120.png\" class=\"attachment-thumbnail size-thumbnail\" alt=\"Barclays\" aria-describedby=\"gallery-1-2415\" \/><\/a>\n\t\t\t<\/div>\n\t\t\t\t<figcaption class='wp-caption-text gallery-caption' id='gallery-1-2415'>\n\t\t\t\tBarclays\n\t\t\t\t<\/figcaption><\/figure><figure class='gallery-item'>\n\t\t\t<div class='gallery-icon landscape'>\n\t\t\t\t<a href='https:\/\/www.narminojardins.com\/en\/logo-mairie-de-monaco\/'><img loading=\"lazy\" decoding=\"async\" width=\"150\" height=\"120\" src=\"https:\/\/www.narminojardins.com\/wp-content\/uploads\/2018\/07\/mairie-de-monaco-150x120.png\" class=\"attachment-thumbnail size-thumbnail\" alt=\"Mairie de Monaco\" aria-describedby=\"gallery-1-2423\" \/><\/a>\n\t\t\t<\/div>\n\t\t\t\t<figcaption class='wp-caption-text gallery-caption' id='gallery-1-2423'>\n\t\t\t\tMairie de Monaco\n\t\t\t\t<\/figcaption><\/figure>\n\t\t<\/div>\n\n<p>To contact us for an appointment, please use this <a href=\"https:\/\/www.narminojardins.com\/en\/contact-us\/\">page<\/a>. Please fill in the form if you would like us to call you back.<\/p>\n<div id='gallery-2' class='gallery galleryid-2429 gallery-columns-3 gallery-size-thumbnail'><figure class='gallery-item'>\n\t\t\t<div class='gallery-icon landscape'>\n\t\t\t\t<a href='https:\/\/www.narminojardins.com\/en\/a-new-exceptional-achievement-in-monaco\/img_3148-2\/'><img loading=\"lazy\" decoding=\"async\" width=\"150\" height=\"150\" src=\"https:\/\/www.narminojardins.com\/wp-content\/uploads\/2017\/11\/facade-et-jardinieres-en-principaute-de-monaco-2-150x150.jpg\" class=\"attachment-thumbnail size-thumbnail\" alt=\"Fa\u00e7ade and window boxes in the Principality of Monaco, La Petite Afrique building\" aria-describedby=\"gallery-2-2358\" \/><\/a>\n\t\t\t<\/div>\n\t\t\t\t<figcaption class='wp-caption-text gallery-caption' id='gallery-2-2358'>\n\t\t\t\tFa\u00e7ade and window boxes in the Principality of Monaco, La Petite Afrique building\n\t\t\t\t<\/figcaption><\/figure><figure class='gallery-item'>\n\t\t\t<div class='gallery-icon portrait'>\n\t\t\t\t<a href='https:\/\/www.narminojardins.com\/en\/garden-and-green-space-design\/14364658_765883996885689_4965346418973113706_n\/'><img loading=\"lazy\" decoding=\"async\" width=\"150\" height=\"150\" src=\"https:\/\/www.narminojardins.com\/wp-content\/uploads\/2017\/11\/entretien-toit-terrasse-monaco-4-150x150.jpg\" class=\"attachment-thumbnail size-thumbnail\" alt=\"Realization and maintenance of a roof terrace in Monaco\" aria-describedby=\"gallery-2-2027\" \/><\/a>\n\t\t\t<\/div>\n\t\t\t\t<figcaption class='wp-caption-text gallery-caption' id='gallery-2-2027'>\n\t\t\t\tRealization and maintenance of a roof terrace in Monaco\n\t\t\t\t<\/figcaption><\/figure><figure class='gallery-item'>\n\t\t\t<div class='gallery-icon landscape'>\n\t\t\t\t<a href='https:\/\/www.narminojardins.com\/en\/our-specialties\/green-walls\/dsc01711\/'><img loading=\"lazy\" decoding=\"async\" width=\"150\" height=\"150\" src=\"https:\/\/www.narminojardins.com\/wp-content\/uploads\/2017\/11\/portions-murs-vegetaux-monaco-3-150x150.jpg\" class=\"attachment-thumbnail size-thumbnail\" alt=\"Portions of green walls in Monaco\" aria-describedby=\"gallery-2-2073\" \/><\/a>\n\t\t\t<\/div>\n\t\t\t\t<figcaption class='wp-caption-text gallery-caption' id='gallery-2-2073'>\n\t\t\t\tPortions of green walls in Monaco\n\t\t\t\t<\/figcaption><\/figure><figure class='gallery-item'>\n\t\t\t<div class='gallery-icon portrait'>\n\t\t\t\t<a href='https:\/\/www.narminojardins.com\/en\/completed-projects\/the-greenhouses-of-the-jardin-exotique-de-monaco\/img_7457\/'><img loading=\"lazy\" decoding=\"async\" width=\"150\" height=\"150\" src=\"https:\/\/www.narminojardins.com\/wp-content\/uploads\/2017\/12\/deplacement-par-camion-d-un-cactus-au-jardin-exotique-de-monaco-150x150.jpg\" class=\"attachment-thumbnail size-thumbnail\" alt=\"Installation of new greenhouses in the Exotic Garden\" aria-describedby=\"gallery-2-2224\" \/><\/a>\n\t\t\t<\/div>\n\t\t\t\t<figcaption class='wp-caption-text gallery-caption' id='gallery-2-2224'>\n\t\t\t\tInstallation of new greenhouses in the Exotic Garden\n\t\t\t\t<\/figcaption><\/figure><figure class='gallery-item'>\n\t\t\t<div class='gallery-icon portrait'>\n\t\t\t\t<a href='https:\/\/www.narminojardins.com\/en\/completed-projects\/the-greenhouses-of-the-jardin-exotique-de-monaco\/img_7175\/'><img loading=\"lazy\" decoding=\"async\" width=\"150\" height=\"150\" src=\"https:\/\/www.narminojardins.com\/wp-content\/uploads\/2017\/12\/deplacement-par-grue-d-un-cactus-150x150.jpg\" class=\"attachment-thumbnail size-thumbnail\" alt=\"Installation of new greenhouses in the Exotic Garden\" aria-describedby=\"gallery-2-2222\" \/><\/a>\n\t\t\t<\/div>\n\t\t\t\t<figcaption class='wp-caption-text gallery-caption' id='gallery-2-2222'>\n\t\t\t\tInstallation of new greenhouses in the Exotic Garden\n\t\t\t\t<\/figcaption><\/figure><figure class='gallery-item'>\n\t\t\t<div class='gallery-icon portrait'>\n\t\t\t\t<a href='https:\/\/www.narminojardins.com\/en\/realization-of-the-greening-of-the-le-stella-building-in-monaco\/img_7482-2\/'><img loading=\"lazy\" decoding=\"async\" width=\"150\" height=\"150\" src=\"https:\/\/www.narminojardins.com\/wp-content\/uploads\/2017\/12\/vegetalisation-de-l-immeuble-le-stella-a-monaco-150x150.jpg\" class=\"attachment-thumbnail size-thumbnail\" alt=\"Vegetation of the Stella building in Monaco\" aria-describedby=\"gallery-2-2363\" \/><\/a>\n\t\t\t<\/div>\n\t\t\t\t<figcaption class='wp-caption-text gallery-caption' id='gallery-2-2363'>\n\t\t\t\tV\u00e9g\u00e9talisation de l&#8217;immeuble le Stella \u00e0 Monaco\n\t\t\t\t<\/figcaption><\/figure><figure class='gallery-item'>\n\t\t\t<div class='gallery-icon landscape'>\n\t\t\t\t<a href='https:\/\/www.narminojardins.com\/en\/our-specialties\/green-walls\/dsc01707\/'><img loading=\"lazy\" decoding=\"async\" width=\"150\" height=\"150\" src=\"https:\/\/www.narminojardins.com\/wp-content\/uploads\/2017\/11\/panneaux-murs-vegetaux-150x150.jpg\" class=\"attachment-thumbnail size-thumbnail\" alt=\"A beautiful green wall we installed\" aria-describedby=\"gallery-2-2069\" \/><\/a>\n\t\t\t<\/div>\n\t\t\t\t<figcaption class='wp-caption-text gallery-caption' id='gallery-2-2069'>\n\t\t\t\tA beautiful green wall we installed\n\t\t\t\t<\/figcaption><\/figure><figure class='gallery-item'>\n\t\t\t<div class='gallery-icon portrait'>\n\t\t\t\t<a href='https:\/\/www.narminojardins.com\/en\/garden-and-green-space-design\/14368694_765884123552343_8670499522738946145_n\/'><img loading=\"lazy\" decoding=\"async\" width=\"150\" height=\"150\" src=\"https:\/\/www.narminojardins.com\/wp-content\/uploads\/2017\/11\/realisation-et-entretien-d-un-toit-terrasse-a-monaco-2-150x150.jpg\" class=\"attachment-thumbnail size-thumbnail\" alt=\"Realization and maintenance of a roof terrace in Monaco\" aria-describedby=\"gallery-2-2028\" \/><\/a>\n\t\t\t<\/div>\n\t\t\t\t<figcaption class='wp-caption-text gallery-caption' id='gallery-2-2028'>\n\t\t\t\tRealization and maintenance of a roof terrace in Monaco\n\t\t\t\t<\/figcaption><\/figure><figure class='gallery-item'>\n\t\t\t<div class='gallery-icon portrait'>\n\t\t\t\t<a href='https:\/\/www.narminojardins.com\/en\/garden-and-green-space-design\/12771495_673484486125641_5102348930487203811_o\/'><img loading=\"lazy\" decoding=\"async\" width=\"150\" height=\"150\" src=\"https:\/\/www.narminojardins.com\/wp-content\/uploads\/2017\/11\/balcon-tour-odeon-monaco-4-150x150.jpg\" class=\"attachment-thumbnail size-thumbnail\" alt=\"Construction and maintenance of a balcony on the Odeon Tower in Monaco\" aria-describedby=\"gallery-2-2026\" \/><\/a>\n\t\t\t<\/div>\n\t\t\t\t<figcaption class='wp-caption-text gallery-caption' id='gallery-2-2026'>\n\t\t\t\tConstruction and maintenance of a balcony on the Odeon Tower in Monaco\n\t\t\t\t<\/figcaption><\/figure>\n\t\t<\/div>\n\n<h2>Explore some of our landmark projects in Monaco<\/h2>\n<p>Discover the <a href=\"https:\/\/www.narminojardins.com\/en\/completed-projects\/private-gardens-at-the-le-florestan-building-in-monaco\/\">private gardens at Le Florestan<\/a>, our <a href=\"https:\/\/www.narminojardins.com\/en\/creation-and-layout-of-a-japanese-garden-at-the-park-palace-in-monaco\/\">Japanese garden at the Park Palace<\/a> and more <a href=\"https:\/\/www.narminojardins.com\/en\/completed-projects\/\">completed landscaping projects<\/a>. Our team of <a href=\"https:\/\/www.narminojardins.com\/en\/our-areas-of-expertise\/a-monaco-gardener\/\">gardeners in Monaco<\/a> assesses every project according to its setting and constraints. <a href=\"https:\/\/www.narminojardins.com\/en\/contact-us\/\"><strong>Tell us about your landscaping project<\/strong><\/a>.<\/p>\n","protected":false},"excerpt":{"rendered":"<p>Locally established here for several decades, we have made the Principality of Monaco a showcase for our gardens. Clients who have relied on us since 1989 stay with us and remain faithful to the philosophy of Narmino Jardins: service and quality above all, without compromise. And, as we are well&#8230;<\/p>\n","protected":false},"author":1,"featured_media":0,"parent":2021,"menu_order":0,"comment_status":"closed","ping_status":"closed","template":"","meta":{"wpai_generated_summary":"","footnotes":""},"class_list":["post-2429","page","type-page","status-publish","hentry"],"aioseo_notices":[],"aioseo_head":"\n\t\t<!-- All in One SEO 5.0.0.1 - aioseo.com -->\n\t<meta name=\"description\" content=\"This page features photos of some of the gardens we have created in Monaco and Monte Carlo for private and professional clients.\" \/>\n\t<meta name=\"robots\" content=\"max-image-preview:large\" \/>\n\t<link rel=\"canonical\" href=\"https:\/\/www.narminojardins.com\/en\/garden-and-green-space-design\/our-gardens-in-monaco\/\" \/>\n\t<meta name=\"generator\" content=\"All in One SEO (AIOSEO) 5.0.0.1\" \/>\n\t\t<meta property=\"og:locale\" content=\"en_US\" \/>\n\t\t<meta property=\"og:site_name\" content=\"Narmino Jardins\" \/>\n\t\t<meta property=\"og:type\" content=\"activity\" \/>\n\t\t<meta property=\"og:title\" content=\"Our Gardens in Monaco | Narmino Jardins\" \/>\n\t\t<meta property=\"og:description\" content=\"This page features photos of some of the gardens we have created in Monaco and Monte Carlo for private and professional clients.\" \/>\n\t\t<meta property=\"og:url\" content=\"https:\/\/www.narminojardins.com\/en\/garden-and-green-space-design\/our-gardens-in-monaco\/\" \/>\n\t\t<meta property=\"og:image\" content=\"https:\/\/www.narminojardins.com\/wp-content\/uploads\/2018\/07\/les-somptueuses-jardinieres-fleuries-de-la-petite-afrique-a-monaco-3.jpg\" \/>\n\t\t<meta property=\"og:image:secure_url\" content=\"https:\/\/www.narminojardins.com\/wp-content\/uploads\/2018\/07\/les-somptueuses-jardinieres-fleuries-de-la-petite-afrique-a-monaco-3.jpg\" \/>\n\t\t<meta property=\"og:image:width\" content=\"1280\" \/>\n\t\t<meta property=\"og:image:height\" content=\"853\" \/>\n\t\t<meta name=\"twitter:card\" content=\"summary\" \/>\n\t\t<meta name=\"twitter:title\" content=\"Our Gardens in Monaco | Narmino Jardins\" \/>\n\t\t<meta name=\"twitter:description\" content=\"This page features photos of some of the gardens we have created in Monaco and Monte Carlo for private and professional clients.\" \/>\n\t\t<meta name=\"twitter:image\" content=\"https:\/\/www.narminojardins.com\/wp-content\/uploads\/2018\/07\/les-somptueuses-jardinieres-fleuries-de-la-petite-afrique-a-monaco-3.jpg\" \/>\n\t\t<script type=\"application\/ld+json\" class=\"aioseo-schema\">\n\t\t\t{\"@context\":\"https:\\\/\\\/schema.org\",\"@graph\":[{\"@type\":\"BreadcrumbList\",\"@id\":\"https:\\\/\\\/www.narminojardins.com\\\/en\\\/garden-and-green-space-design\\\/our-gardens-in-monaco\\\/#breadcrumblist\",\"itemListElement\":[{\"@type\":\"ListItem\",\"@id\":\"https:\\\/\\\/www.narminojardins.com\\\/en\\\/#listItem\",\"position\":1,\"name\":\"Accueil\",\"item\":\"https:\\\/\\\/www.narminojardins.com\\\/en\\\/\",\"nextItem\":{\"@type\":\"ListItem\",\"@id\":\"https:\\\/\\\/www.narminojardins.com\\\/en\\\/garden-and-green-space-design\\\/#listItem\",\"name\":\"Garden and Green Space Design\"}},{\"@type\":\"ListItem\",\"@id\":\"https:\\\/\\\/www.narminojardins.com\\\/en\\\/garden-and-green-space-design\\\/#listItem\",\"position\":2,\"name\":\"Garden and Green Space Design\",\"item\":\"https:\\\/\\\/www.narminojardins.com\\\/en\\\/garden-and-green-space-design\\\/\",\"nextItem\":{\"@type\":\"ListItem\",\"@id\":\"https:\\\/\\\/www.narminojardins.com\\\/en\\\/garden-and-green-space-design\\\/our-gardens-in-monaco\\\/#listItem\",\"name\":\"Our Gardens in Monaco\"},\"previousItem\":{\"@type\":\"ListItem\",\"@id\":\"https:\\\/\\\/www.narminojardins.com\\\/en\\\/#listItem\",\"name\":\"Accueil\"}},{\"@type\":\"ListItem\",\"@id\":\"https:\\\/\\\/www.narminojardins.com\\\/en\\\/garden-and-green-space-design\\\/our-gardens-in-monaco\\\/#listItem\",\"position\":3,\"name\":\"Our Gardens in Monaco\",\"previousItem\":{\"@type\":\"ListItem\",\"@id\":\"https:\\\/\\\/www.narminojardins.com\\\/en\\\/garden-and-green-space-design\\\/#listItem\",\"name\":\"Garden and Green Space Design\"}}]},{\"@type\":\"Organization\",\"@id\":\"https:\\\/\\\/www.narminojardins.com\\\/en\\\/#organization\",\"name\":\"Narmino Jardins\",\"description\":\"Garden Design and Maintenance in Monaco and the Alpes-Maritimes\",\"url\":\"https:\\\/\\\/www.narminojardins.com\\\/en\\\/\",\"logo\":{\"@type\":\"ImageObject\",\"url\":\"https:\\\/\\\/www.narminojardins.com\\\/wp-content\\\/uploads\\\/2020\\\/11\\\/logo-narmino-jardins-3d-240-b.png\",\"@id\":\"https:\\\/\\\/www.narminojardins.com\\\/en\\\/garden-and-green-space-design\\\/our-gardens-in-monaco\\\/#organizationLogo\",\"width\":240,\"height\":48,\"caption\":\"logo Narmino Jardins\"},\"image\":{\"@id\":\"https:\\\/\\\/www.narminojardins.com\\\/en\\\/garden-and-green-space-design\\\/our-gardens-in-monaco\\\/#organizationLogo\"}},{\"@type\":\"WebPage\",\"@id\":\"https:\\\/\\\/www.narminojardins.com\\\/en\\\/garden-and-green-space-design\\\/our-gardens-in-monaco\\\/#webpage\",\"url\":\"https:\\\/\\\/www.narminojardins.com\\\/en\\\/garden-and-green-space-design\\\/our-gardens-in-monaco\\\/\",\"name\":\"Our Gardens in Monaco | Narmino Jardins\",\"description\":\"This page features photos of some of the gardens we have created in Monaco and Monte Carlo for private and professional clients.\",\"inLanguage\":\"en-US\",\"isPartOf\":{\"@id\":\"https:\\\/\\\/www.narminojardins.com\\\/en\\\/#website\"},\"breadcrumb\":{\"@id\":\"https:\\\/\\\/www.narminojardins.com\\\/en\\\/garden-and-green-space-design\\\/our-gardens-in-monaco\\\/#breadcrumblist\"},\"datePublished\":\"2018-07-19T14:41:23+02:00\",\"dateModified\":\"2026-07-23T18:09:07+02:00\"},{\"@type\":\"WebSite\",\"@id\":\"https:\\\/\\\/www.narminojardins.com\\\/en\\\/#website\",\"url\":\"https:\\\/\\\/www.narminojardins.com\\\/en\\\/\",\"name\":\"Narmino Jardins\",\"description\":\"Garden Design and Maintenance in Monaco and the Alpes-Maritimes\",\"inLanguage\":\"en-US\",\"publisher\":{\"@id\":\"https:\\\/\\\/www.narminojardins.com\\\/en\\\/#organization\"}}]}\n\t\t<\/script>\n\t\t<!-- All in One SEO -->\n\n","aioseo_head_json":{"title":"Our Gardens in Monaco | Narmino Jardins","description":"This page features photos of some of the gardens we have created in Monaco and Monte Carlo for private and professional clients.","canonical_url":"https:\/\/www.narminojardins.com\/en\/garden-and-green-space-design\/our-gardens-in-monaco\/","robots":"max-image-preview:large","keywords":"","webmasterTools":{"miscellaneous":""},"schema":{"@context":"https:\/\/schema.org","@graph":[{"@type":"BreadcrumbList","@id":"https:\/\/www.narminojardins.com\/en\/garden-and-green-space-design\/our-gardens-in-monaco\/#breadcrumblist","itemListElement":[{"@type":"ListItem","@id":"https:\/\/www.narminojardins.com\/en\/#listItem","position":1,"name":"Accueil","item":"https:\/\/www.narminojardins.com\/en\/","nextItem":{"@type":"ListItem","@id":"https:\/\/www.narminojardins.com\/en\/garden-and-green-space-design\/#listItem","name":"Garden and Green Space Design"}},{"@type":"ListItem","@id":"https:\/\/www.narminojardins.com\/en\/garden-and-green-space-design\/#listItem","position":2,"name":"Garden and Green Space Design","item":"https:\/\/www.narminojardins.com\/en\/garden-and-green-space-design\/","nextItem":{"@type":"ListItem","@id":"https:\/\/www.narminojardins.com\/en\/garden-and-green-space-design\/our-gardens-in-monaco\/#listItem","name":"Our Gardens in Monaco"},"previousItem":{"@type":"ListItem","@id":"https:\/\/www.narminojardins.com\/en\/#listItem","name":"Accueil"}},{"@type":"ListItem","@id":"https:\/\/www.narminojardins.com\/en\/garden-and-green-space-design\/our-gardens-in-monaco\/#listItem","position":3,"name":"Our Gardens in Monaco","previousItem":{"@type":"ListItem","@id":"https:\/\/www.narminojardins.com\/en\/garden-and-green-space-design\/#listItem","name":"Garden and Green Space Design"}}]},{"@type":"Organization","@id":"https:\/\/www.narminojardins.com\/en\/#organization","name":"Narmino Jardins","description":"Garden Design and Maintenance in Monaco and the Alpes-Maritimes","url":"https:\/\/www.narminojardins.com\/en\/","logo":{"@type":"ImageObject","url":"https:\/\/www.narminojardins.com\/wp-content\/uploads\/2020\/11\/logo-narmino-jardins-3d-240-b.png","@id":"https:\/\/www.narminojardins.com\/en\/garden-and-green-space-design\/our-gardens-in-monaco\/#organizationLogo","width":240,"height":48,"caption":"logo Narmino Jardins"},"image":{"@id":"https:\/\/www.narminojardins.com\/en\/garden-and-green-space-design\/our-gardens-in-monaco\/#organizationLogo"}},{"@type":"WebPage","@id":"https:\/\/www.narminojardins.com\/en\/garden-and-green-space-design\/our-gardens-in-monaco\/#webpage","url":"https:\/\/www.narminojardins.com\/en\/garden-and-green-space-design\/our-gardens-in-monaco\/","name":"Our Gardens in Monaco | Narmino Jardins","description":"This page features photos of some of the gardens we have created in Monaco and Monte Carlo for private and professional clients.","inLanguage":"en-US","isPartOf":{"@id":"https:\/\/www.narminojardins.com\/en\/#website"},"breadcrumb":{"@id":"https:\/\/www.narminojardins.com\/en\/garden-and-green-space-design\/our-gardens-in-monaco\/#breadcrumblist"},"datePublished":"2018-07-19T14:41:23+02:00","dateModified":"2026-07-23T18:09:07+02:00"},{"@type":"WebSite","@id":"https:\/\/www.narminojardins.com\/en\/#website","url":"https:\/\/www.narminojardins.com\/en\/","name":"Narmino Jardins","description":"Garden Design and Maintenance in Monaco and the Alpes-Maritimes","inLanguage":"en-US","publisher":{"@id":"https:\/\/www.narminojardins.com\/en\/#organization"}}]},"og:locale":"en_US","og:site_name":"Narmino Jardins","og:type":"activity","og:title":"Our Gardens in Monaco | Narmino Jardins","og:description":"This page features photos of some of the gardens we have created in Monaco and Monte Carlo for private and professional clients.","og:url":"https:\/\/www.narminojardins.com\/en\/garden-and-green-space-design\/our-gardens-in-monaco\/","og:image":"https:\/\/www.narminojardins.com\/wp-content\/uploads\/2018\/07\/les-somptueuses-jardinieres-fleuries-de-la-petite-afrique-a-monaco-3.jpg","og:image:secure_url":"https:\/\/www.narminojardins.com\/wp-content\/uploads\/2018\/07\/les-somptueuses-jardinieres-fleuries-de-la-petite-afrique-a-monaco-3.jpg","og:image:width":1280,"og:image:height":853,"twitter:card":"summary","twitter:title":"Our Gardens in Monaco | Narmino Jardins","twitter:description":"This page features photos of some of the gardens we have created in Monaco and Monte Carlo for private and professional clients.","twitter:image":"https:\/\/www.narminojardins.com\/wp-content\/uploads\/2018\/07\/les-somptueuses-jardinieres-fleuries-de-la-petite-afrique-a-monaco-3.jpg"},"aioseo_meta_data":{"post_id":"2429","title":"Our Gardens in Monaco | #site_title","description":"This page features photos of some of the gardens we have created in Monaco and Monte Carlo for private and professional clients.","keywords":null,"keyphrases":{"focus":{"keyphrase":"","score":0,"analysis":{"keyphraseInTitle":{"score":0,"maxScore":9,"error":1}}},"additional":[]},"primary_term":null,"canonical_url":null,"og_title":null,"og_description":null,"og_object_type":"activity","og_image_type":"default","og_image_url":null,"og_image_width":null,"og_image_height":null,"og_image_custom_url":null,"og_image_custom_fields":null,"og_video":"","og_custom_url":null,"og_article_section":null,"og_article_tags":null,"twitter_use_og":false,"twitter_card":"summary","twitter_image_type":"default","twitter_image_url":null,"twitter_image_custom_url":null,"twitter_image_custom_fields":null,"twitter_title":null,"twitter_description":null,"schema":{"blockGraphs":[],"customGraphs":[],"default":{"data":{"Article":[],"Course":[],"Dataset":[],"FAQPage":[],"Movie":[],"Person":[],"Product":[],"ProductReview":[],"Car":[],"Recipe":[],"Service":[],"SoftwareApplication":[],"WebPage":[]},"graphName":"WebPage","isEnabled":true},"graphs":[],"defaultGraph":"","defaultPostTypeGraph":""},"schema_type":null,"schema_type_options":null,"pillar_content":false,"robots_default":true,"robots_noindex":false,"robots_noarchive":false,"robots_nosnippet":false,"robots_nofollow":false,"robots_noimageindex":false,"robots_noodp":false,"robots_notranslate":false,"robots_max_snippet":"-1","robots_max_videopreview":"-1","robots_max_imagepreview":"large","priority":null,"frequency":"default","local_seo":null,"breadcrumb_settings":null,"limit_modified_date":false,"ai":{"faqs":[],"keyPoints":[],"schemas":[],"titles":[],"descriptions":[],"socialPosts":{"email":{"subject":"","preview":"","content":""},"linkedin":[],"twitter":[],"facebook":[],"instagram":[]}},"created":"2020-12-30 09:14:48","updated":"2026-07-24 04:11:20","seo_analyzer_scan_date":null,"focus_keyword":null,"additional_keywords":null,"truseo_locale":null},"aioseo_breadcrumb":"<div class=\"aioseo-breadcrumbs\"><span class=\"aioseo-breadcrumb\">\n\t\t\t<a href=\"https:\/\/www.narminojardins.com\/en\/\" title=\"Accueil\">Accueil<\/a>\n\t\t<\/span><span class=\"aioseo-breadcrumb-separator\">&raquo;<\/span><span class=\"aioseo-breadcrumb\">\n\t\t\t<a href=\"https:\/\/www.narminojardins.com\/en\/garden-and-green-space-design\/\" title=\"Garden and Green Space Design\">Garden and Green Space Design<\/a>\n\t\t<\/span><span class=\"aioseo-breadcrumb-separator\">&raquo;<\/span><span class=\"aioseo-breadcrumb\">\n\t\t\tOur Gardens in Monaco\n\t\t<\/span><\/div>","aioseo_breadcrumb_json":[{"label":"Accueil","link":"https:\/\/www.narminojardins.com\/en\/"},{"label":"Garden and Green Space Design","link":"https:\/\/www.narminojardins.com\/en\/garden-and-green-space-design\/"},{"label":"Our Gardens in Monaco","link":"https:\/\/www.narminojardins.com\/en\/garden-and-green-space-design\/our-gardens-in-monaco\/"}],"amp_enabled":true,"_links":{"self":[{"href":"https:\/\/www.narminojardins.com\/en\/wp-json\/wp\/v2\/pages\/2429","targetHints":{"allow":["GET"]}}],"collection":[{"href":"https:\/\/www.narminojardins.com\/en\/wp-json\/wp\/v2\/pages"}],"about":[{"href":"https:\/\/www.narminojardins.com\/en\/wp-json\/wp\/v2\/types\/page"}],"author":[{"embeddable":true,"href":"https:\/\/www.narminojardins.com\/en\/wp-json\/wp\/v2\/users\/1"}],"replies":[{"embeddable":true,"href":"https:\/\/www.narminojardins.com\/en\/wp-json\/wp\/v2\/comments?post=2429"}],"version-history":[{"count":1,"href":"https:\/\/www.narminojardins.com\/en\/wp-json\/wp\/v2\/pages\/2429\/revisions"}],"predecessor-version":[{"id":29459,"href":"https:\/\/www.narminojardins.com\/en\/wp-json\/wp\/v2\/pages\/2429\/revisions\/29459"}],"up":[{"embeddable":true,"href":"https:\/\/www.narminojardins.com\/en\/wp-json\/wp\/v2\/pages\/2021"}],"wp:attachment":[{"href":"https:\/\/www.narminojardins.com\/en\/wp-json\/wp\/v2\/media?parent=2429"}],"curies":[{"name":"wp","href":"https:\/\/api.w.org\/{rel}","templated":true}]}}